{"id":75,"date":"2022-05-22T13:21:29","date_gmt":"2022-05-22T11:21:29","guid":{"rendered":"https:\/\/mpgk1.home.pl\/autoinstalator\/wordpressplugins2\/?page_id=75"},"modified":"2022-05-22T14:33:57","modified_gmt":"2022-05-22T12:33:57","slug":"definicje-odpadow","status":"publish","type":"page","link":"https:\/\/mpgk.zgorzelec.pl\/index.php\/definicje-odpadow\/","title":{"rendered":"Definicje odpad\u00f3w"},"content":{"rendered":"\n<p><strong>Aby dobrze pozna\u0107 zagadnienie segregacji odpad\u00f3w warto zapozna\u0107 si\u0119 z powszechnie stosowanym nazewnictwem.<\/strong><\/p>\n\n\n\n<h3 class=\"wp-block-heading\">Kompost<\/h3>\n\n\n\n<p>to naturalny naw\u00f3z wytworzony podczas mikrobiologicznego rozk\u0142adu substancji organicznych, pochodz\u0105cych z odpadk\u00f3w gospodarstwa.<\/p>\n\n\n\n<h3 class=\"wp-block-heading\">Kompostowanie<\/h3>\n\n\n\n<p>to naturalny proces stale przebiegaj\u0105cy w \u015brodowisku tworz\u0105cym zamkni\u0119ty pier\u015bcie\u0144 obiegu substancji organicznej w przyrodzie. Podczas kompostowania odpady s\u0105 przetwarzane na materia\u0142 u\u017cytkowy, nieszkodliwy pod wzgl\u0119dem sanitarnym, czyli kompost. Proces ten polega na tlenowym rozk\u0142adzie zwi\u0105zk\u00f3w organicznych zawartych w odpadach komunalnych i przekszta\u0142ceniu ich w substancje humusowe, stanowi\u0105ce naw\u00f3z organiczny. Do kompostowania nadaj\u0105 si\u0119 r\u00f3wnie\u017c odpady z przemys\u0142u spo\u017cywczego. Redukcja masy odpad\u00f3w w przypadku tego procesu wynosi oko\u0142o 40-50%. Odpowiednio urz\u0105dzona i eksploatowana kompostownia nie ma negatywnego wp\u0142ywu na \u015brodowisko. Istniej\u0105 r\u00f3\u017cne techniki uzyskania kompostu, jedn\u0105 z najpopularniejszych jest kompostowanie w pryzmach.<\/p>\n\n\n\n<h3 class=\"wp-block-heading\">Magazynowanie odpad\u00f3w<\/h3>\n\n\n\n<p>jest to czasowe przetrzymywanie lub gromadzenie odpad\u00f3w przed ich transportem, odzyskiem lub unieszkodliwianiem.<\/p>\n\n\n\n<h3 class=\"wp-block-heading\">Odpady<\/h3>\n\n\n\n<p>oznaczaj\u0105 ka\u017cd\u0105 substancj\u0119 lub przedmiot nale\u017c\u0105cy do jednej z kategorii, okre\u015blonych w za\u0142\u0105czniku nr 1 do ustawy, kt\u00f3rych posiadacz pozbywa si\u0119, zamierza pozby\u0107 si\u0119 lub do ich pozbycia si\u0119 jest obowi\u0105zany.<\/p>\n\n\n\n<h3 class=\"wp-block-heading\">Odpady niebezpieczne<\/h3>\n\n\n\n<p>s\u0105 to odpady:<\/p>\n\n\n\n<ul class=\"wp-block-list\"><li>nale\u017c\u0105ce do kategorii lub rodzaj\u00f3w odpad\u00f3w okre\u015blonych na li\u015bcie A za\u0142\u0105cznika nr 2 do ustawy oraz posiadaj\u0105ce co najmniej jedn\u0105 z w\u0142a\u015bciwo\u015bci wymienionych w za\u0142\u0105czniku nr 4 do ustawy lub<\/li><li>nale\u017c\u0105ce do kategorii lub rodzaj\u00f3w odpad\u00f3w okre\u015blonych na li\u015bcie B za\u0142\u0105cznika nr 2 do ustawy i zawieraj\u0105ce kt\u00f3rykolwiek ze sk\u0142adnik\u00f3w wymienionych w za\u0142\u0105czniku nr 3 do ustawy oraz posiadaj\u0105ce co najmniej jedn\u0105 z w\u0142a\u015bciwo\u015bci wymienionych w za\u0142\u0105czniku nr 4 do ustawy.<\/li><\/ul>\n\n\n\n<p>Rozporz\u0105dzenie Ministra \u015arodowiska z dnia 27 wrze\u015bnia 2001 r. w sprawie katalogu odpad\u00f3w (Dz. U. Nr 112, poz. 1206), uwzgl\u0119dnia \u017ar\u00f3d\u0142a powstawania odpad\u00f3w z wyodr\u0119bnieniem listy odpad\u00f3w niebezpiecznych. Rozporz\u0105dzenie okre\u015bla te\u017c spos\u00f3b klasyfikowania odpad\u00f3w.<\/p>\n\n\n\n<h3 class=\"wp-block-heading\">Odpady komunalne:<\/h3>\n\n\n\n<p>odpady powstaj\u0105ce w gospodarstwach domowych, a tak\u017ce odpady niezawieraj\u0105ce odpad\u00f3w niebezpiecznych pochodz\u0105ce od innych wytw\u00f3rc\u00f3w odpad\u00f3w, kt\u00f3re ze wzgl\u0119du na sw\u00f3j charakter lub sk\u0142ad s\u0105 podobne do odpad\u00f3w powstaj\u0105cych w gospodarstwach domowych (zgodnie z dyrektyw\u0105 99\/31 &#8211; art.2b).<\/p>\n\n\n\n<h3 class=\"wp-block-heading\">Odpady medyczne<\/h3>\n\n\n\n<p>odpady powstaj\u0105ce w zwi\u0105zku z udzielaniem \u015bwiadcze\u0144 zdrowotnych oraz prowadzeniem bada\u0144 i do\u015bwiadcze\u0144 naukowych w zakresie medycyny.<\/p>\n\n\n\n<h3 class=\"wp-block-heading\">Odpady oboj\u0119tne<\/h3>\n\n\n\n<p>odpady, kt\u00f3re nie ulegaj\u0105 istotnym przemianom fizycznym, chemicznym lub biologicznym; s\u0105 nierozpuszczalne, nie wchodz\u0105 w reakcje fizyczne ani chemiczne, nie powoduj\u0105 zanieczyszczenia \u015brodowiska lub zagro\u017cenia dla zdrowia ludzi, nie ulegaj\u0105 biodegradacji i nie wp\u0142ywaj\u0105 niekorzystnie na materi\u0119, z kt\u00f3r\u0105 si\u0119 kontaktuj\u0105; og\u00f3lna zawarto\u015b\u0107 zanieczyszcze\u0144 w tych odpadach oraz zdolno\u015b\u0107 do ich wymywania, a tak\u017ce negatywne oddzia\u0142ywanie na \u015brodowisko odcieku musz\u0105 by\u0107 nieznaczne, a w szczeg\u00f3lno\u015bci nie powinny stanowi\u0107 zagro\u017cenia dla jako\u015bci w\u00f3d powierzchniowych, w\u00f3d podziemnych, gleby i ziemi (zgodnie z dyrektyw\u0105 99\/31).<\/p>\n\n\n\n<h3 class=\"wp-block-heading\">Odpady ulegaj\u0105ce biodegradacji<\/h3>\n\n\n\n<p>to odpady, kt\u00f3re ulegaj\u0105 rozk\u0142adowi tlenowemu lub beztlenowemu przy udziale mikroorganizm\u00f3w (zgodnie z dyrektyw\u0105 99\/31)<\/p>\n\n\n\n<h3 class=\"wp-block-heading\">Odpady weterynaryjne<\/h3>\n\n\n\n<p>odpady powstaj\u0105ce w zwi\u0105zku z badaniem, leczeniem zwierz\u0105t lub \u015bwiadczeniem us\u0142ug weterynaryjnych, a tak\u017ce w zwi\u0105zku z prowadzeniem bada\u0144 naukowych i do\u015bwiadcze\u0144 na zwierz\u0119tach.<\/p>\n\n\n\n<h3 class=\"wp-block-heading\">Odzysk<\/h3>\n\n\n\n<p>wszelkie dzia\u0142ania, nie stwarzaj\u0105ce zagro\u017cenia dla \u017cycia, zdrowia ludzi lub dla \u015brodowiska, polegaj\u0105ce na wykorzystaniu odpad\u00f3w w ca\u0142o\u015bci lub w cz\u0119\u015bci, lub prowadz\u0105ce do odzyskania z odpad\u00f3w substancji, materia\u0142\u00f3w lub energii i ich wykorzystania, okre\u015blone w za\u0142\u0105czniku nr 5 do ustawy (zgodnie z dyrektyw\u0105 75\/442, aneks IIB i decyzj\u0105 Komisji 96\/350).<\/p>\n\n\n\n<h3 class=\"wp-block-heading\">Odzysk energii<\/h3>\n\n\n\n<p>termiczne przekszta\u0142canie odpad\u00f3w w celu odzyskania energii (zgodnie z dyrektyw\u0105 94\/62).<\/p>\n\n\n\n<h3 class=\"wp-block-heading\">Plan gospodarki odpadami<\/h3>\n\n\n\n<p>Plan Gospodarki Odpadami okre\u015bla zakres zada\u0144 koniecznych do zapewnienie zintegrowanej gospodarki odpadami w kraju, wojew\u00f3dztwie, powiecie lub gminie w spos\u00f3b zapewniaj\u0105cy ochron\u0119 \u015brodowiska z uwzgl\u0119dnieniem obecnych i przysz\u0142ych mo\u017cliwo\u015bci technicznych, organizacyjnych oraz uwarunkowa\u0144 ekonomicznych jak r\u00f3wnie\u017c z uwzgl\u0119dnieniem poziomu technicznego istniej\u0105cej infrastruktury. Jest opisem zamierze\u0144 maj\u0105cych na celu popraw\u0119 sytuacji w \u015brodowisku, zwi\u0105zanej z zagro\u017ceniem odpadami. Zak\u0142ada, \u017ce pozostawienie obecnego stanu w rzeczy samej jest zagro\u017ceniem, a podejmowanie r\u00f3\u017cnych inicjatyw wykorzystania lub unieszkodliwienia odpad\u00f3w, w inny spos\u00f3b ni\u017c sk\u0142adowanie, jest krokiem do przodu w procesie poprawy stanu \u015brodowiska.<\/p>\n\n\n\n<h3 class=\"wp-block-heading\">Posiadacz odpad\u00f3w<\/h3>\n\n\n\n<p>ka\u017cdy, kto faktycznie w\u0142ada odpadami (wytw\u00f3rca odpad\u00f3w, inna osoba fizyczna, osoba prawna lub jednostka organizacyjna); domniemywa si\u0119, \u017ce w\u0142adaj\u0105cy powierzchni\u0105 ziemi jest posiadaczem odpad\u00f3w znajduj\u0105cych si\u0119 na nieruchomo\u015bci.<\/p>\n\n\n\n<h3 class=\"wp-block-heading\">Recycling<\/h3>\n\n\n\n<p>to taki odzysk, kt\u00f3ry polega na powt\u00f3rnym przetwarzaniu substancji lub materia\u0142\u00f3w zawartych w odpadach w procesie produkcyjnym w celu uzyskania substancji lub materia\u0142u o przeznaczeniu pierwotnym lub o innym przeznaczeniu, w tym te\u017c recycling organiczny, z wyj\u0105tkiem odzysku energii (zgodnie z dyrektyw\u0105 94\/62)<\/p>\n\n\n\n<h3 class=\"wp-block-heading\">Recycling organiczny<\/h3>\n\n\n\n<p>obr\u00f3bka tlenowa, w tym kompostowanie, lub beztlenowa odpad\u00f3w, kt\u00f3re ulegaj\u0105 rozk\u0142adowi biologicznemu w kontrolowanych warunkach przy wykorzystaniu mikroorganizm\u00f3w, w wyniku kt\u00f3rej powstaje materia organiczna lub metan; sk\u0142adowanie na sk\u0142adowisku odpad\u00f3w nie jest traktowane jako recycling organiczny (zgodnie z dyrektyw\u0105 94\/62)<\/p>\n\n\n\n<h3 class=\"wp-block-heading\">Segregacja odpad\u00f3w<\/h3>\n\n\n\n<p>to podzia\u0142 odpad\u00f3w wed\u0142ug rodzaju materia\u0142u z jakiego zosta\u0142y wykonane; oddzielenie materia\u0142\u00f3w nadaj\u0105cych si\u0119 do powt\u00f3rnego wykorzystania.<\/p>\n\n\n\n<h3 class=\"wp-block-heading\">Sk\u0142adowisko odpad\u00f3w<\/h3>\n\n\n\n<p>to obiekt budowlany przeznaczony do sk\u0142adowania odpad\u00f3w (zgodnie z dyrektywami 99\/31, 75\/442, 99\/31)<\/p>\n\n\n\n<h3 class=\"wp-block-heading\">Spalarnia odpad\u00f3w<\/h3>\n\n\n\n<p>to instalacja, w kt\u00f3rej zachodzi termiczne przekszta\u0142canie odpad\u00f3w w celu ich unieszkodliwienia (zgodnie z dyrektywami 89\/369, 89\/429, 94\/67, 2000\/76).<\/p>\n\n\n\n<h3 class=\"wp-block-heading\">Stosowanie komunalnych osad\u00f3w \u015bciekowych<\/h3>\n\n\n\n<p>rozprowadzanie na powierzchni ziemi lub wprowadzanie komunalnych osad\u00f3w \u015bciekowych do gleby w celu ich wykorzystywania.<\/p>\n\n\n\n<h3 class=\"wp-block-heading\">Termiczne przekszta\u0142canie odpad\u00f3w<\/h3>\n\n\n\n<p>s\u0105 to procesy utleniania odpad\u00f3w, w tym spalania, zgazowywania, lub rozk\u0142adu odpad\u00f3w, w tym rozk\u0142adu pirolitycznego, prowadzone w przeznaczonych do tego instalacjach lub urz\u0105dzeniach na zasadach okre\u015blonych w przepisach szczeg\u00f3\u0142owych &#8211; recycling organiczny nie jest traktowany jako termiczne przekszta\u0142canie odpad\u00f3w<\/p>\n\n\n\n<h3 class=\"wp-block-heading\">Unieszkodliwianie odpad\u00f3w<\/h3>\n\n\n\n<p>poddanie odpad\u00f3w procesom przekszta\u0142ce\u0144 biologicznych, fizycznych lub chemicznych okre\u015blonym w za\u0142\u0105czniku nr 6 do ustawy w celu doprowadzenia ich do stanu, kt\u00f3ry nie stwarza zagro\u017cenia dla \u017cycia, zdrowia ludzi lub dla \u015brodowiska.<\/p>\n\n\n\n<h3 class=\"wp-block-heading\">Ustawa czyszcz\u0105ca<\/h3>\n\n\n\n<p>Ustawa z dnia 19 grudnia 2002 roku o zmianie ustawy o odpadach oraz niekt\u00f3rych innych ustaw (Dz. U. 03.7.78 z dnia 23 stycznia 2003).<\/p>\n\n\n\n<h3 class=\"wp-block-heading\">Utylizacja<\/h3>\n\n\n\n<p>(fr. utilisation) wykorzystywanie odpad\u00f3w przemys\u0142owych, do dalszego przerobu i produkcji z nich czego\u015b nowego.<\/p>\n\n\n\n<h3 class=\"wp-block-heading\">Wytw\u00f3rca odpad\u00f3w<\/h3>\n\n\n\n<p>rozumie si\u0119 przez to ka\u017cdego, kt\u00f3rego dzia\u0142alno\u015b\u0107 lub bytowanie powoduje powstawanie odpad\u00f3w, oraz ka\u017cdego, kto przeprowadza wst\u0119pne przetwarzanie, mieszanie lub inne dzia\u0142ania powoduj\u0105ce zmian\u0119 charakteru lub sk\u0142adu tych odpad\u00f3w.<\/p>\n\n\n\n<h3 class=\"wp-block-heading\">Zbieranie odpad\u00f3w<\/h3>\n\n\n\n<p>to ka\u017cde dzia\u0142anie, w szczeg\u00f3lno\u015bci umieszczanie w pojemnikach, segregowanie i magazynowanie odpad\u00f3w. Zbieranie ma na celu przygotowanie odpad\u00f3w do ich transportu do miejsc odzysku lub unieszkodliwiania.<\/p>\n","protected":false},"excerpt":{"rendered":"<p>Aby dobrze pozna\u0107 zagadnienie segregacji odpad\u00f3w warto zapozna\u0107 si\u0119 z powszechnie stosowanym nazewnictwem. Kompost to naturalny naw\u00f3z wytworzony podczas mikrobiologicznego rozk\u0142adu substancji organicznych, pochodz\u0105cych z odpadk\u00f3w gospodarstwa. Kompostowanie to naturalny proces stale przebiegaj\u0105cy w \u015brodowisku tworz\u0105cym zamkni\u0119ty pier\u015bcie\u0144 obiegu substancji<\/p>\n","protected":false},"author":2,"featured_media":0,"parent":0,"menu_order":0,"comment_status":"closed","ping_status":"closed","template":"","meta":{"footnotes":""},"class_list":["post-75","page","type-page","status-publish","hentry"],"yoast_head":"<!-- This site is optimized with the Yoast SEO plugin v20.13 - https:\/\/yoast.com\/wordpress\/plugins\/seo\/ -->\n<title>Definicje odpad\u00f3w - Miejskie Przedsi\u0119biorstwo Gospodarki Komunalnej Sp. z o.o. w Zgorzelcu<\/title>\n<meta name=\"robots\" content=\"index, follow, max-snippet:-1, max-image-preview:large, max-video-preview:-1\" \/>\n<link rel=\"canonical\" href=\"https:\/\/mpgk.zgorzelec.pl\/index.php\/definicje-odpadow\/\" \/>\n<meta property=\"og:locale\" content=\"pl_PL\" \/>\n<meta property=\"og:type\" content=\"article\" \/>\n<meta property=\"og:title\" content=\"Definicje odpad\u00f3w - Miejskie Przedsi\u0119biorstwo Gospodarki Komunalnej Sp. z o.o. w Zgorzelcu\" \/>\n<meta property=\"og:description\" content=\"Aby dobrze pozna\u0107 zagadnienie segregacji odpad\u00f3w warto zapozna\u0107 si\u0119 z powszechnie stosowanym nazewnictwem. Kompost to naturalny naw\u00f3z wytworzony podczas mikrobiologicznego rozk\u0142adu substancji organicznych, pochodz\u0105cych z odpadk\u00f3w gospodarstwa. Kompostowanie to naturalny proces stale przebiegaj\u0105cy w \u015brodowisku tworz\u0105cym zamkni\u0119ty pier\u015bcie\u0144 obiegu substancji\" \/>\n<meta property=\"og:url\" content=\"https:\/\/mpgk.zgorzelec.pl\/index.php\/definicje-odpadow\/\" \/>\n<meta property=\"og:site_name\" content=\"Miejskie Przedsi\u0119biorstwo Gospodarki Komunalnej Sp. z o.o. w Zgorzelcu\" \/>\n<meta property=\"article:modified_time\" content=\"2022-05-22T12:33:57+00:00\" \/>\n<meta name=\"twitter:card\" content=\"summary_large_image\" \/>\n<meta name=\"twitter:label1\" content=\"Szacowany czas czytania\" \/>\n\t<meta name=\"twitter:data1\" content=\"6 minut\" \/>\n<script type=\"application\/ld+json\" class=\"yoast-schema-graph\">{\"@context\":\"https:\/\/schema.org\",\"@graph\":[{\"@type\":\"WebPage\",\"@id\":\"https:\/\/mpgk.zgorzelec.pl\/index.php\/definicje-odpadow\/\",\"url\":\"https:\/\/mpgk.zgorzelec.pl\/index.php\/definicje-odpadow\/\",\"name\":\"Definicje odpad\u00f3w - Miejskie Przedsi\u0119biorstwo Gospodarki Komunalnej Sp. z o.o. w Zgorzelcu\",\"isPartOf\":{\"@id\":\"https:\/\/mpgk.zgorzelec.pl\/#website\"},\"datePublished\":\"2022-05-22T11:21:29+00:00\",\"dateModified\":\"2022-05-22T12:33:57+00:00\",\"breadcrumb\":{\"@id\":\"https:\/\/mpgk.zgorzelec.pl\/index.php\/definicje-odpadow\/#breadcrumb\"},\"inLanguage\":\"pl-PL\",\"potentialAction\":[{\"@type\":\"ReadAction\",\"target\":[\"https:\/\/mpgk.zgorzelec.pl\/index.php\/definicje-odpadow\/\"]}]},{\"@type\":\"BreadcrumbList\",\"@id\":\"https:\/\/mpgk.zgorzelec.pl\/index.php\/definicje-odpadow\/#breadcrumb\",\"itemListElement\":[{\"@type\":\"ListItem\",\"position\":1,\"name\":\"Home\",\"item\":\"https:\/\/mpgk.zgorzelec.pl\/\"},{\"@type\":\"ListItem\",\"position\":2,\"name\":\"Definicje odpad\u00f3w\"}]},{\"@type\":\"WebSite\",\"@id\":\"https:\/\/mpgk.zgorzelec.pl\/#website\",\"url\":\"https:\/\/mpgk.zgorzelec.pl\/\",\"name\":\"Miejskie Przedsi\u0119biorstwo Gospodarki Komunalnej Sp. z o.o. w Zgorzelcu\",\"description\":\"MPGK Zgorzelec\",\"publisher\":{\"@id\":\"https:\/\/mpgk.zgorzelec.pl\/#organization\"},\"potentialAction\":[{\"@type\":\"SearchAction\",\"target\":{\"@type\":\"EntryPoint\",\"urlTemplate\":\"https:\/\/mpgk.zgorzelec.pl\/?s={search_term_string}\"},\"query-input\":\"required name=search_term_string\"}],\"inLanguage\":\"pl-PL\"},{\"@type\":\"Organization\",\"@id\":\"https:\/\/mpgk.zgorzelec.pl\/#organization\",\"name\":\"Miejskie Przedsi\u0119biorstwo Gospodarki Komunalnej Sp. z o.o. w Zgorzelcu\",\"url\":\"https:\/\/mpgk.zgorzelec.pl\/\",\"logo\":{\"@type\":\"ImageObject\",\"inLanguage\":\"pl-PL\",\"@id\":\"https:\/\/mpgk.zgorzelec.pl\/#\/schema\/logo\/image\/\",\"url\":\"https:\/\/mpgk.zgorzelec.pl\/wp-content\/uploads\/2022\/05\/cropped-Logo-e1653213732347.png\",\"contentUrl\":\"https:\/\/mpgk.zgorzelec.pl\/wp-content\/uploads\/2022\/05\/cropped-Logo-e1653213732347.png\",\"width\":100,\"height\":63,\"caption\":\"Miejskie Przedsi\u0119biorstwo Gospodarki Komunalnej Sp. z o.o. w Zgorzelcu\"},\"image\":{\"@id\":\"https:\/\/mpgk.zgorzelec.pl\/#\/schema\/logo\/image\/\"}}]}<\/script>\n<!-- \/ Yoast SEO plugin. -->","yoast_head_json":{"title":"Definicje odpad\u00f3w - Miejskie Przedsi\u0119biorstwo Gospodarki Komunalnej Sp. z o.o. w Zgorzelcu","robots":{"index":"index","follow":"follow","max-snippet":"max-snippet:-1","max-image-preview":"max-image-preview:large","max-video-preview":"max-video-preview:-1"},"canonical":"https:\/\/mpgk.zgorzelec.pl\/index.php\/definicje-odpadow\/","og_locale":"pl_PL","og_type":"article","og_title":"Definicje odpad\u00f3w - Miejskie Przedsi\u0119biorstwo Gospodarki Komunalnej Sp. z o.o. w Zgorzelcu","og_description":"Aby dobrze pozna\u0107 zagadnienie segregacji odpad\u00f3w warto zapozna\u0107 si\u0119 z powszechnie stosowanym nazewnictwem. Kompost to naturalny naw\u00f3z wytworzony podczas mikrobiologicznego rozk\u0142adu substancji organicznych, pochodz\u0105cych z odpadk\u00f3w gospodarstwa. Kompostowanie to naturalny proces stale przebiegaj\u0105cy w \u015brodowisku tworz\u0105cym zamkni\u0119ty pier\u015bcie\u0144 obiegu substancji","og_url":"https:\/\/mpgk.zgorzelec.pl\/index.php\/definicje-odpadow\/","og_site_name":"Miejskie Przedsi\u0119biorstwo Gospodarki Komunalnej Sp. z o.o. w Zgorzelcu","article_modified_time":"2022-05-22T12:33:57+00:00","twitter_card":"summary_large_image","twitter_misc":{"Szacowany czas czytania":"6 minut"},"schema":{"@context":"https:\/\/schema.org","@graph":[{"@type":"WebPage","@id":"https:\/\/mpgk.zgorzelec.pl\/index.php\/definicje-odpadow\/","url":"https:\/\/mpgk.zgorzelec.pl\/index.php\/definicje-odpadow\/","name":"Definicje odpad\u00f3w - Miejskie Przedsi\u0119biorstwo Gospodarki Komunalnej Sp. z o.o. w Zgorzelcu","isPartOf":{"@id":"https:\/\/mpgk.zgorzelec.pl\/#website"},"datePublished":"2022-05-22T11:21:29+00:00","dateModified":"2022-05-22T12:33:57+00:00","breadcrumb":{"@id":"https:\/\/mpgk.zgorzelec.pl\/index.php\/definicje-odpadow\/#breadcrumb"},"inLanguage":"pl-PL","potentialAction":[{"@type":"ReadAction","target":["https:\/\/mpgk.zgorzelec.pl\/index.php\/definicje-odpadow\/"]}]},{"@type":"BreadcrumbList","@id":"https:\/\/mpgk.zgorzelec.pl\/index.php\/definicje-odpadow\/#breadcrumb","itemListElement":[{"@type":"ListItem","position":1,"name":"Home","item":"https:\/\/mpgk.zgorzelec.pl\/"},{"@type":"ListItem","position":2,"name":"Definicje odpad\u00f3w"}]},{"@type":"WebSite","@id":"https:\/\/mpgk.zgorzelec.pl\/#website","url":"https:\/\/mpgk.zgorzelec.pl\/","name":"Miejskie Przedsi\u0119biorstwo Gospodarki Komunalnej Sp. z o.o. w Zgorzelcu","description":"MPGK Zgorzelec","publisher":{"@id":"https:\/\/mpgk.zgorzelec.pl\/#organization"},"potentialAction":[{"@type":"SearchAction","target":{"@type":"EntryPoint","urlTemplate":"https:\/\/mpgk.zgorzelec.pl\/?s={search_term_string}"},"query-input":"required name=search_term_string"}],"inLanguage":"pl-PL"},{"@type":"Organization","@id":"https:\/\/mpgk.zgorzelec.pl\/#organization","name":"Miejskie Przedsi\u0119biorstwo Gospodarki Komunalnej Sp. z o.o. w Zgorzelcu","url":"https:\/\/mpgk.zgorzelec.pl\/","logo":{"@type":"ImageObject","inLanguage":"pl-PL","@id":"https:\/\/mpgk.zgorzelec.pl\/#\/schema\/logo\/image\/","url":"https:\/\/mpgk.zgorzelec.pl\/wp-content\/uploads\/2022\/05\/cropped-Logo-e1653213732347.png","contentUrl":"https:\/\/mpgk.zgorzelec.pl\/wp-content\/uploads\/2022\/05\/cropped-Logo-e1653213732347.png","width":100,"height":63,"caption":"Miejskie Przedsi\u0119biorstwo Gospodarki Komunalnej Sp. z o.o. w Zgorzelcu"},"image":{"@id":"https:\/\/mpgk.zgorzelec.pl\/#\/schema\/logo\/image\/"}}]}},"_links":{"self":[{"href":"https:\/\/mpgk.zgorzelec.pl\/index.php\/wp-json\/wp\/v2\/pages\/75","targetHints":{"allow":["GET"]}}],"collection":[{"href":"https:\/\/mpgk.zgorzelec.pl\/index.php\/wp-json\/wp\/v2\/pages"}],"about":[{"href":"https:\/\/mpgk.zgorzelec.pl\/index.php\/wp-json\/wp\/v2\/types\/page"}],"author":[{"embeddable":true,"href":"https:\/\/mpgk.zgorzelec.pl\/index.php\/wp-json\/wp\/v2\/users\/2"}],"replies":[{"embeddable":true,"href":"https:\/\/mpgk.zgorzelec.pl\/index.php\/wp-json\/wp\/v2\/comments?post=75"}],"version-history":[{"count":2,"href":"https:\/\/mpgk.zgorzelec.pl\/index.php\/wp-json\/wp\/v2\/pages\/75\/revisions"}],"predecessor-version":[{"id":116,"href":"https:\/\/mpgk.zgorzelec.pl\/index.php\/wp-json\/wp\/v2\/pages\/75\/revisions\/116"}],"wp:attachment":[{"href":"https:\/\/mpgk.zgorzelec.pl\/index.php\/wp-json\/wp\/v2\/media?parent=75"}],"curies":[{"name":"wp","href":"https:\/\/api.w.org\/{rel}","templated":true}]}}